{"id":53,"date":"2024-03-31T16:16:18","date_gmt":"2024-03-31T14:16:18","guid":{"rendered":"https:\/\/www.lpvinci-perigueux.fr\/?page_id=53"},"modified":"2024-05-01T18:57:54","modified_gmt":"2024-05-01T16:57:54","slug":"3-prepa-metiers","status":"publish","type":"page","link":"https:\/\/www.lpvinci-perigueux.fr\/index.php\/3-prepa-metiers\/","title":{"rendered":"3 Pr\u00e9pa-M\u00e9tiers"},"content":{"rendered":"\n<br>\n<br>\n\n\n\n<p class=\"has-text-align-center\"><img loading=\"lazy\" decoding=\"async\" width=\"900\" height=\"306\" class=\"wp-image-55\" style=\"width: 900px;\" src=\"https:\/\/www.lpvinci-perigueux.fr\/wp-content\/uploads\/2024\/03\/3PM.png\" alt=\"\" srcset=\"https:\/\/www.lpvinci-perigueux.fr\/wp-content\/uploads\/2024\/03\/3PM.png 1536w, https:\/\/www.lpvinci-perigueux.fr\/wp-content\/uploads\/2024\/03\/3PM-300x102.png 300w, https:\/\/www.lpvinci-perigueux.fr\/wp-content\/uploads\/2024\/03\/3PM-1024x348.png 1024w, https:\/\/www.lpvinci-perigueux.fr\/wp-content\/uploads\/2024\/03\/3PM-768x261.png 768w\" sizes=\"auto, (max-width: 900px) 100vw, 900px\" \/><\/p>\n\n\n\n<p>\u00c0 l\u2019issue de la 4<sup>e<\/sup>, les \u00e9l\u00e8ves souhaitant d\u00e9velopper un projet professionnel&nbsp; peuvent rejoindre la classe de 3 Pr\u00e9pa-m\u00e9tiers.<\/p>\n\n\n\n<p>Tout au long de l\u2019ann\u00e9e, ils d\u00e9couvriront les formations propos\u00e9es dans notre \u00e9tablissement au travers d\u2019heures de \u00ab&nbsp;d\u00e9couverte professionnelle&nbsp;\u00bb et seront sensibilis\u00e9s&nbsp;\u00e0 l\u2019univers&nbsp;des m\u00e9tiers et de l\u2019entreprise gr\u00e2ce \u00e0 des stages, des visites, etc. L\u2019objectif \u00e9tant d\u2019aider ces \u00e9l\u00e8ves dans leur choix d\u2019orientation \u00e0 l\u2019issue de l\u2019ann\u00e9e scolaire. <\/p>\n\n\n\n<p>Ce diaporama de la journ\u00e9e \u00ab\u00a0Vinci tour Concept\u00a0\u00bb :<\/p>\n\n\n\n<span style=\"width: 80%;\"><\/span>\n\n\n\n<br>\n\n\n\n<p>Les \u00e9l\u00e8ves de 3 Pr\u00e9pa-m\u00e9tiers pr\u00e9parent le Dipl\u00f4me National du Brevet (DNB).<\/p>\n\n\n\n<p>Pour en savoir plus sur l\u2019organisation de l\u2019enseignement :&nbsp;<a href=\"https:\/\/eduscol.education.fr\/628\/la-classe-de-troisieme-dite-prepa-metiers\" target=\"_blank\" rel=\"noreferrer noopener\">Eduscol<\/a><\/p>\n","protected":false},"excerpt":{"rendered":"<p>\u00c0 l\u2019issue de la 4e, les \u00e9l\u00e8ves souhaitant d\u00e9velopper un projet professionnel&nbsp; peuvent rejoindre la classe de 3 Pr\u00e9pa-m\u00e9tiers. Tout au long de l\u2019ann\u00e9e, ils d\u00e9couvriront les formations propos\u00e9es dans notre \u00e9tablissement au travers d\u2019heures de \u00ab&nbsp;d\u00e9couverte professionnelle&nbsp;\u00bb et seront sensibilis\u00e9s&nbsp;\u00e0 l\u2019univers&nbsp;des m\u00e9tiers et de l\u2019entreprise gr\u00e2ce \u00e0 des stages, des visites, etc. L\u2019objectif \u00e9tant &hellip; <\/p>\n<p class=\"link-more\"><a href=\"https:\/\/www.lpvinci-perigueux.fr\/index.php\/3-prepa-metiers\/\" class=\"more-link\">Continue reading<span class=\"screen-reader-text\"> \u00ab\u00a03 Pr\u00e9pa-M\u00e9tiers\u00a0\u00bb<\/span><\/a><\/p>\n","protected":false},"author":1,"featured_media":0,"parent":0,"menu_order":0,"comment_status":"closed","ping_status":"closed","template":"","meta":{"footnotes":""},"class_list":["post-53","page","type-page","status-publish","hentry"],"_links":{"self":[{"href":"https:\/\/www.lpvinci-perigueux.fr\/index.php\/wp-json\/wp\/v2\/pages\/53","targetHints":{"allow":["GET"]}}],"collection":[{"href":"https:\/\/www.lpvinci-perigueux.fr\/index.php\/wp-json\/wp\/v2\/pages"}],"about":[{"href":"https:\/\/www.lpvinci-perigueux.fr\/index.php\/wp-json\/wp\/v2\/types\/page"}],"author":[{"embeddable":true,"href":"https:\/\/www.lpvinci-perigueux.fr\/index.php\/wp-json\/wp\/v2\/users\/1"}],"replies":[{"embeddable":true,"href":"https:\/\/www.lpvinci-perigueux.fr\/index.php\/wp-json\/wp\/v2\/comments?post=53"}],"version-history":[{"count":11,"href":"https:\/\/www.lpvinci-perigueux.fr\/index.php\/wp-json\/wp\/v2\/pages\/53\/revisions"}],"predecessor-version":[{"id":871,"href":"https:\/\/www.lpvinci-perigueux.fr\/index.php\/wp-json\/wp\/v2\/pages\/53\/revisions\/871"}],"wp:attachment":[{"href":"https:\/\/www.lpvinci-perigueux.fr\/index.php\/wp-json\/wp\/v2\/media?parent=53"}],"curies":[{"name":"wp","href":"https:\/\/api.w.org\/{rel}","templated":true}]}}